{"id":22363,"date":"2022-12-14T04:11:49","date_gmt":"2022-12-14T09:11:49","guid":{"rendered":"https:\/\/sylviebeljanski.com\/?page_id=22363"},"modified":"2022-12-20T09:44:45","modified_gmt":"2022-12-20T14:44:45","slug":"sylvie-beljanski-en-tournee-en-france-et-en-suisse","status":"publish","type":"page","link":"https:\/\/sylviebeljanski.com\/fr\/sylvie-beljanski-en-tournee-en-france-et-en-suisse\/","title":{"rendered":"Sylvie Beljanski en tourn\u00e9e en France et en Suisse"},"content":{"rendered":"\t\t<div data-elementor-type=\"wp-page\" data-elementor-id=\"22363\" class=\"elementor elementor-22363\">\n\t\t\t\t\t\t<section class=\"elementor-section elementor-top-section elementor-element elementor-element-557e735 elementor-section-boxed elementor-section-height-default elementor-section-height-default exad-glass-effect-no exad-sticky-section-no\" data-id=\"557e735\" data-element_type=\"section\">\n\t\t\t\t\t\t<div class=\"elementor-container elementor-column-gap-wider\">\n\t\t\t\t\t<div class=\"elementor-column elementor-col-50 elementor-top-column elementor-element elementor-element-379063a exad-glass-effect-no exad-sticky-section-no\" data-id=\"379063a\" data-element_type=\"column\">\n\t\t\t<div class=\"elementor-widget-wrap elementor-element-populated\">\n\t\t\t\t\t\t<section class=\"elementor-section elementor-inner-section elementor-element elementor-element-e4f0bff elementor-section-boxed elementor-section-height-default elementor-section-height-default exad-glass-effect-no exad-sticky-section-no\" data-id=\"e4f0bff\" data-element_type=\"section\" data-settings=\"{&quot;background_background&quot;:&quot;classic&quot;}\">\n\t\t\t\t\t\t<div class=\"elementor-container elementor-column-gap-default\">\n\t\t\t\t\t<div class=\"make-column-clickable-elementor elementor-column elementor-col-50 elementor-inner-column elementor-element elementor-element-29d189b exad-glass-effect-no exad-sticky-section-no\" style=\"cursor: pointer;\" data-column-clickable=\"#paris\" data-column-clickable-blank=\"_self\" data-id=\"29d189b\" data-element_type=\"column\" data-settings=\"{&quot;background_background&quot;:&quot;classic&quot;}\">\n\t\t\t<div class=\"elementor-widget-wrap elementor-element-populated\">\n\t\t\t\t\t<div class=\"elementor-background-overlay\"><\/div>\n\t\t\t\t\t\t<div class=\"elementor-element elementor-element-89cdd50 exad-sticky-section-no exad-glass-effect-no elementor-widget elementor-widget-text-editor\" data-id=\"89cdd50\" data-element_type=\"widget\" data-widget_type=\"text-editor.default\">\n\t\t\t\t<div class=\"elementor-widget-container\">\n\t\t\t\t\t\t\t\t\t<p><strong>Le 2 f\u00e9vrier 2023 \u00e0 Paris<\/strong><br \/>Salon Bien-\u00catre &#8211; M\u00e9decine Douce<\/p>\t\t\t\t\t\t\t\t<\/div>\n\t\t\t\t<\/div>\n\t\t\t\t\t<\/div>\n\t\t<\/div>\n\t\t\t\t<div class=\"make-column-clickable-elementor elementor-column elementor-col-50 elementor-inner-column elementor-element elementor-element-5575bbe exad-glass-effect-no exad-sticky-section-no\" style=\"cursor: pointer;\" data-column-clickable=\"#nevers\" data-column-clickable-blank=\"_self\" data-id=\"5575bbe\" data-element_type=\"column\" data-settings=\"{&quot;background_background&quot;:&quot;classic&quot;}\">\n\t\t\t<div class=\"elementor-widget-wrap elementor-element-populated\">\n\t\t\t\t\t<div class=\"elementor-background-overlay\"><\/div>\n\t\t\t\t\t\t<div class=\"elementor-element elementor-element-25a1a40 exad-sticky-section-no exad-glass-effect-no elementor-widget elementor-widget-text-editor\" data-id=\"25a1a40\" data-element_type=\"widget\" data-widget_type=\"text-editor.default\">\n\t\t\t\t<div class=\"elementor-widget-container\">\n\t\t\t\t\t\t\t\t\t<p><span><strong>Le 4 f\u00e9vrier 2023 \u00e0 Nevers<\/strong><\/span><br \/>Organis\u00e9 par la Fondation Beljanski<\/p>\t\t\t\t\t\t\t\t<\/div>\n\t\t\t\t<\/div>\n\t\t\t\t\t<\/div>\n\t\t<\/div>\n\t\t\t\t\t<\/div>\n\t\t<\/section>\n\t\t\t\t<section class=\"elementor-section elementor-inner-section elementor-element elementor-element-f589b7c elementor-section-boxed elementor-section-height-default elementor-section-height-default exad-glass-effect-no exad-sticky-section-no\" data-id=\"f589b7c\" data-element_type=\"section\" data-settings=\"{&quot;background_background&quot;:&quot;classic&quot;}\">\n\t\t\t\t\t\t<div class=\"elementor-container elementor-column-gap-default\">\n\t\t\t\t\t<div class=\"make-column-clickable-elementor elementor-column elementor-col-50 elementor-inner-column elementor-element elementor-element-cb42c1f exad-glass-effect-no exad-sticky-section-no\" style=\"cursor: pointer;\" data-column-clickable=\"#dijon\" data-column-clickable-blank=\"_self\" data-id=\"cb42c1f\" data-element_type=\"column\" data-settings=\"{&quot;background_background&quot;:&quot;classic&quot;}\">\n\t\t\t<div class=\"elementor-widget-wrap elementor-element-populated\">\n\t\t\t\t\t<div class=\"elementor-background-overlay\"><\/div>\n\t\t\t\t\t\t<div class=\"elementor-element elementor-element-3e4d596 exad-sticky-section-no exad-glass-effect-no elementor-widget elementor-widget-text-editor\" data-id=\"3e4d596\" data-element_type=\"widget\" data-widget_type=\"text-editor.default\">\n\t\t\t\t<div class=\"elementor-widget-container\">\n\t\t\t\t\t\t\t\t\t<p><span><strong>Le 7 f\u00e9vrier 2023 \u00e0 Dijon<\/strong><\/span><br \/>Organis\u00e9 par l&#8217;Observatoire du R\u00e9el<\/p>\t\t\t\t\t\t\t\t<\/div>\n\t\t\t\t<\/div>\n\t\t\t\t\t<\/div>\n\t\t<\/div>\n\t\t\t\t<div class=\"make-column-clickable-elementor elementor-column elementor-col-50 elementor-inner-column elementor-element elementor-element-2e65ae8 exad-glass-effect-no exad-sticky-section-no\" style=\"cursor: pointer;\" data-column-clickable=\"#martigny\" data-column-clickable-blank=\"_self\" data-id=\"2e65ae8\" data-element_type=\"column\" data-settings=\"{&quot;background_background&quot;:&quot;classic&quot;}\">\n\t\t\t<div class=\"elementor-widget-wrap elementor-element-populated\">\n\t\t\t\t\t<div class=\"elementor-background-overlay\"><\/div>\n\t\t\t\t\t\t<div class=\"elementor-element elementor-element-54c4a96 exad-sticky-section-no exad-glass-effect-no elementor-widget elementor-widget-text-editor\" data-id=\"54c4a96\" data-element_type=\"widget\" data-widget_type=\"text-editor.default\">\n\t\t\t\t<div class=\"elementor-widget-container\">\n\t\t\t\t\t\t\t\t\t<p><span><strong>Les 11-12 f\u00e9vrier 2023 \u00e0 Martigny<\/strong><\/span><br \/>Salon Sant\u00e9 &#8211; Bien-\u00catre\u00a0<\/p>\t\t\t\t\t\t\t\t<\/div>\n\t\t\t\t<\/div>\n\t\t\t\t\t<\/div>\n\t\t<\/div>\n\t\t\t\t\t<\/div>\n\t\t<\/section>\n\t\t\t\t\t<\/div>\n\t\t<\/div>\n\t\t\t\t<div class=\"elementor-column elementor-col-50 elementor-top-column elementor-element elementor-element-58a1d4a exad-glass-effect-no exad-sticky-section-no\" data-id=\"58a1d4a\" data-element_type=\"column\">\n\t\t\t<div class=\"elementor-widget-wrap elementor-element-populated\">\n\t\t\t\t\t\t<div class=\"elementor-element elementor-element-3a4ef13 exad-sticky-section-no exad-glass-effect-no elementor-widget elementor-widget-image\" data-id=\"3a4ef13\" data-element_type=\"widget\" data-widget_type=\"image.default\">\n\t\t\t\t<div class=\"elementor-widget-container\">\n\t\t\t\t\t\t\t\t\t\t\t\t\t\t\t<img fetchpriority=\"high\" decoding=\"async\" width=\"1024\" height=\"1024\" src=\"https:\/\/sylviebeljanski.com\/wp-content\/uploads\/2022\/12\/carte-sylvie-en-tournee-en-fevrier-2023-1-2-1024x1024.png\" class=\"attachment-large size-large wp-image-22457\" alt=\"\" srcset=\"https:\/\/sylviebeljanski.com\/wp-content\/uploads\/2022\/12\/carte-sylvie-en-tournee-en-fevrier-2023-1-2-1024x1024.png 1024w, https:\/\/sylviebeljanski.com\/wp-content\/uploads\/2022\/12\/carte-sylvie-en-tournee-en-fevrier-2023-1-2-300x300.png 300w, https:\/\/sylviebeljanski.com\/wp-content\/uploads\/2022\/12\/carte-sylvie-en-tournee-en-fevrier-2023-1-2-150x150.png 150w, https:\/\/sylviebeljanski.com\/wp-content\/uploads\/2022\/12\/carte-sylvie-en-tournee-en-fevrier-2023-1-2-768x767.png 768w, https:\/\/sylviebeljanski.com\/wp-content\/uploads\/2022\/12\/carte-sylvie-en-tournee-en-fevrier-2023-1-2-440x440.png 440w, https:\/\/sylviebeljanski.com\/wp-content\/uploads\/2022\/12\/carte-sylvie-en-tournee-en-fevrier-2023-1-2-180x180.png 180w, https:\/\/sylviebeljanski.com\/wp-content\/uploads\/2022\/12\/carte-sylvie-en-tournee-en-fevrier-2023-1-2-120x120.png 120w, https:\/\/sylviebeljanski.com\/wp-content\/uploads\/2022\/12\/carte-sylvie-en-tournee-en-fevrier-2023-1-2.png 1068w\" sizes=\"(max-width: 1024px) 100vw, 1024px\" \/>\t\t\t\t\t\t\t\t\t\t\t\t\t\t\t<\/div>\n\t\t\t\t<\/div>\n\t\t\t\t\t<\/div>\n\t\t<\/div>\n\t\t\t\t\t<\/div>\n\t\t<\/section>\n\t\t\t\t<section class=\"elementor-section elementor-top-section elementor-element elementor-element-a049d41 elementor-section-boxed elementor-section-height-default elementor-section-height-default exad-glass-effect-no exad-sticky-section-no\" data-id=\"a049d41\" data-element_type=\"section\">\n\t\t\t\t\t\t<div class=\"elementor-container elementor-column-gap-wider\">\n\t\t\t\t\t<div class=\"elementor-column elementor-col-50 elementor-top-column elementor-element elementor-element-e172f20 exad-glass-effect-no exad-sticky-section-no\" data-id=\"e172f20\" data-element_type=\"column\" data-settings=\"{&quot;background_background&quot;:&quot;gradient&quot;}\">\n\t\t\t<div class=\"elementor-widget-wrap elementor-element-populated\">\n\t\t\t\t\t\t<div class=\"elementor-element elementor-element-85d5331 exad-sticky-section-no exad-glass-effect-no elementor-widget elementor-widget-image\" data-id=\"85d5331\" data-element_type=\"widget\" data-widget_type=\"image.default\">\n\t\t\t\t<div class=\"elementor-widget-container\">\n\t\t\t\t\t\t\t\t\t\t\t\t\t\t\t<img decoding=\"async\" width=\"1024\" height=\"1024\" src=\"https:\/\/sylviebeljanski.com\/wp-content\/uploads\/2022\/12\/winning-cover-french_1-1024x1024.png\" class=\"attachment-large size-large wp-image-22514\" alt=\"\" srcset=\"https:\/\/sylviebeljanski.com\/wp-content\/uploads\/2022\/12\/winning-cover-french_1.png 1024w, https:\/\/sylviebeljanski.com\/wp-content\/uploads\/2022\/12\/winning-cover-french_1-300x300.png 300w, https:\/\/sylviebeljanski.com\/wp-content\/uploads\/2022\/12\/winning-cover-french_1-150x150.png 150w, https:\/\/sylviebeljanski.com\/wp-content\/uploads\/2022\/12\/winning-cover-french_1-768x768.png 768w, https:\/\/sylviebeljanski.com\/wp-content\/uploads\/2022\/12\/winning-cover-french_1-440x440.png 440w, https:\/\/sylviebeljanski.com\/wp-content\/uploads\/2022\/12\/winning-cover-french_1-180x180.png 180w, https:\/\/sylviebeljanski.com\/wp-content\/uploads\/2022\/12\/winning-cover-french_1-120x120.png 120w\" sizes=\"(max-width: 1024px) 100vw, 1024px\" \/>\t\t\t\t\t\t\t\t\t\t\t\t\t\t\t<\/div>\n\t\t\t\t<\/div>\n\t\t\t\t<div class=\"elementor-element elementor-element-bf9855a exad-sticky-section-no exad-glass-effect-no elementor-widget elementor-widget-text-editor\" data-id=\"bf9855a\" data-element_type=\"widget\" data-widget_type=\"text-editor.default\">\n\t\t\t\t<div class=\"elementor-widget-container\">\n\t\t\t\t\t\t\t\t\t<p>Sylvie Beljanski, fondatrice de la Fondation Beljanski, sera de retour en France et en Suisse en f\u00e9vrier 2023 pour de nouvelles rencontres, conf\u00e9rences et d\u00e9dicaces autour de son livre \u00ab Gagner la Lutte contre le Cancer: La D\u00e9couverte dont la R\u00e9publique n&#8217;a pas Voulu \u00bb.<\/p>\t\t\t\t\t\t\t\t<\/div>\n\t\t\t\t<\/div>\n\t\t\t\t\t<\/div>\n\t\t<\/div>\n\t\t\t\t<div class=\"elementor-column elementor-col-50 elementor-top-column elementor-element elementor-element-677dcf4 exad-glass-effect-no exad-sticky-section-no\" data-id=\"677dcf4\" data-element_type=\"column\">\n\t\t\t<div class=\"elementor-widget-wrap elementor-element-populated\">\n\t\t\t\t\t\t<div class=\"elementor-element elementor-element-eec26fd exad-sticky-section-no exad-glass-effect-no elementor-widget elementor-widget-text-editor\" data-id=\"eec26fd\" data-element_type=\"widget\" data-widget_type=\"text-editor.default\">\n\t\t\t\t<div class=\"elementor-widget-container\">\n\t\t\t\t\t\t\t\t\t<p>Elle vous pr\u00e9sentera, les d\u00e9couvertes scientifiques de son p\u00e8re, <strong>Dr Mirko Beljanski<\/strong>, chercheur \u00e0 l\u2019Institut Pasteur, et les r\u00e9centes publications am\u00e9ricaines concernant l\u2019activit\u00e9 anticancer, anti-virus et anti-inflammatoire de plusieurs extraits naturels.<br \/>Elle abordera la notion de <strong>d\u00e9stabilisation progressive de l\u2019ADN<\/strong> comme cause de la maladie, et les solutions que cette vision apporte. Elle d\u00e9taillera notamment l\u2019effet de l\u2019environnement sur les cellules humaines, base de l\u2019\u00e9pig\u00e9n\u00e9tique, et pr\u00e9sentera des solutions naturelles qui peuvent aussi accompagner les traitements allopathiques.<br \/>Gr\u00e2ce \u00e0 ses conf\u00e9rences, <strong>Sylvie Beljanski<\/strong>\u00a0a sensibilis\u00e9 des milliers de personnes aux dangers que pr\u00e9sentent les toxines environnementales et aux perc\u00e9es scientifiques dans le domaine de la m\u00e9decine int\u00e9grative. Elle recommande une <strong>\u00ab Approche Sant\u00e9 Beljanski \u00bb<\/strong> bas\u00e9e sur une hygi\u00e8ne de vie permettant d\u2019optimiser les processus cellulaires.<\/p>\t\t\t\t\t\t\t\t<\/div>\n\t\t\t\t<\/div>\n\t\t\t\t\t<\/div>\n\t\t<\/div>\n\t\t\t\t\t<\/div>\n\t\t<\/section>\n\t\t\t\t<section class=\"elementor-section elementor-top-section elementor-element elementor-element-df88ae5 elementor-section-boxed elementor-section-height-default elementor-section-height-default exad-glass-effect-no exad-sticky-section-no\" data-id=\"df88ae5\" data-element_type=\"section\">\n\t\t\t\t\t\t<div class=\"elementor-container elementor-column-gap-default\">\n\t\t\t\t\t<div class=\"elementor-column elementor-col-100 elementor-top-column elementor-element elementor-element-0f0083f exad-glass-effect-no exad-sticky-section-no\" data-id=\"0f0083f\" data-element_type=\"column\">\n\t\t\t<div class=\"elementor-widget-wrap elementor-element-populated\">\n\t\t\t\t\t\t<div class=\"elementor-element elementor-element-6ce3135 exad-sticky-section-no exad-glass-effect-no elementor-widget elementor-widget-heading\" data-id=\"6ce3135\" data-element_type=\"widget\" data-widget_type=\"heading.default\">\n\t\t\t\t<div class=\"elementor-widget-container\">\n\t\t\t\t\t<p class=\"elementor-heading-title elementor-size-default\">Voici les dates \u00e0 ne pas manquer :<\/p>\t\t\t\t<\/div>\n\t\t\t\t<\/div>\n\t\t\t\t\t<\/div>\n\t\t<\/div>\n\t\t\t\t\t<\/div>\n\t\t<\/section>\n\t\t\t\t<section class=\"elementor-section elementor-top-section elementor-element elementor-element-8f30917 elementor-section-boxed elementor-section-height-default elementor-section-height-default exad-glass-effect-no exad-sticky-section-no\" data-id=\"8f30917\" data-element_type=\"section\" id=\"paris\" data-settings=\"{&quot;background_background&quot;:&quot;classic&quot;}\">\n\t\t\t\t\t\t<div class=\"elementor-container elementor-column-gap-default\">\n\t\t\t\t\t<div class=\"elementor-column elementor-col-50 elementor-top-column elementor-element elementor-element-5978ef6 exad-glass-effect-no exad-sticky-section-no\" data-id=\"5978ef6\" data-element_type=\"column\" data-settings=\"{&quot;background_background&quot;:&quot;classic&quot;}\">\n\t\t\t<div class=\"elementor-widget-wrap elementor-element-populated\">\n\t\t\t\t\t\t<div class=\"elementor-element elementor-element-41c9226 exad-sticky-section-no exad-glass-effect-no elementor-widget elementor-widget-heading\" data-id=\"41c9226\" data-element_type=\"widget\" data-widget_type=\"heading.default\">\n\t\t\t\t<div class=\"elementor-widget-container\">\n\t\t\t\t\t<h3 class=\"elementor-heading-title elementor-size-default\">Jeudi 2 f\u00e9vrier 2023 \u00e0 10h30 \u00e0 Paris<br>Salon Bien-\u00catre M\u00e9decine Douce 2023<\/h3>\t\t\t\t<\/div>\n\t\t\t\t<\/div>\n\t\t\t\t<div class=\"elementor-element elementor-element-b73c6a7 elementor-widget-divider--view-line_icon elementor-view-default elementor-widget-divider--element-align-center exad-sticky-section-no exad-glass-effect-no elementor-widget elementor-widget-divider\" data-id=\"b73c6a7\" data-element_type=\"widget\" data-widget_type=\"divider.default\">\n\t\t\t\t<div class=\"elementor-widget-container\">\n\t\t\t\t\t\t\t<div class=\"elementor-divider\">\n\t\t\t<span class=\"elementor-divider-separator\">\n\t\t\t\t\t\t\t<div class=\"elementor-icon elementor-divider__element\">\n\t\t\t\t\t<i aria-hidden=\"true\" class=\"fas fa-chevron-down\"><\/i><\/div>\n\t\t\t\t\t\t<\/span>\n\t\t<\/div>\n\t\t\t\t\t\t<\/div>\n\t\t\t\t<\/div>\n\t\t\t\t<div class=\"elementor-element elementor-element-ca0954b m_bottom_sm exad-sticky-section-no exad-glass-effect-no elementor-widget elementor-widget-text-editor\" data-id=\"ca0954b\" data-element_type=\"widget\" data-widget_type=\"text-editor.default\">\n\t\t\t\t<div class=\"elementor-widget-container\">\n\t\t\t\t\t\t\t\t\t<p><strong>Titre de la conf\u00e9rence de Sylvie Beljanski :<\/strong><br \/>\u00ab L&#8217;Approche Sant\u00e9 Beljanski : naturelle, efficace et non toxique \u00bb<\/p><p>La conf\u00e9rence sera suivie d\u2019une s\u00e9ance de d\u00e9dicaces de son livre \u00ab Gagner la Lutte contre le Cancer : la D\u00e9couverte dont la R\u00e9publique n\u2019a pas Voulu \u00bb qui sera en vente sur l\u2019espace librairie du salon.<\/p><p><strong>Lieu :<\/strong><br \/>Parc des Expositions Paris Porte de Versailles<br \/>1 Place de la Porte de Versailles<br \/>Hall 4<br \/>75015 Paris<\/p><p><strong>Horaires du salon:<\/strong><br \/>Du jeudi 2 au lundi 6 f\u00e9vrier 2023 : 10h00 \u2013 18h30<br \/>Conf\u00e9rence de Sylvie Beljanski le 2 f\u00e9vrier \u00e0 10h30.<\/p><p><strong>Tarifs :<\/strong><\/p><ul><li>8 euros sur place<\/li><li>Inscrivez vous \u00e0 l\u2019avance pour recevoir une entr\u00e9e gratuite<\/li><\/ul><p>Pour plus d\u2019information sur le salon et vous inscrire pour une entr\u00e9e, rendez-vous sur <a href=\"https:\/\/www.salon-medecinedouce.com\/paris\/\" target=\"_blank\" rel=\"noopener\">https:\/\/www.salon-medecinedouce.com\/paris\/<\/a><\/p>\t\t\t\t\t\t\t\t<\/div>\n\t\t\t\t<\/div>\n\t\t\t\t\t<\/div>\n\t\t<\/div>\n\t\t\t\t<div class=\"elementor-column elementor-col-50 elementor-top-column elementor-element elementor-element-92117fa exad-glass-effect-no exad-sticky-section-no\" data-id=\"92117fa\" data-element_type=\"column\" data-settings=\"{&quot;background_background&quot;:&quot;classic&quot;}\">\n\t\t\t<div class=\"elementor-widget-wrap elementor-element-populated\">\n\t\t\t\t\t<div class=\"elementor-background-overlay\"><\/div>\n\t\t\t\t\t\t<div class=\"elementor-element elementor-element-9713990 exad-sticky-section-no exad-glass-effect-no elementor-widget elementor-widget-heading\" data-id=\"9713990\" data-element_type=\"widget\" data-widget_type=\"heading.default\">\n\t\t\t\t<div class=\"elementor-widget-container\">\n\t\t\t\t\t<div class=\"elementor-heading-title elementor-size-default\">Jeudi 2 f\u00e9vrier 2023 - 10h30<\/div>\t\t\t\t<\/div>\n\t\t\t\t<\/div>\n\t\t\t\t<div class=\"elementor-element elementor-element-99b1be2 elementor-align-center exad-sticky-section-no exad-glass-effect-no elementor-widget elementor-widget-button\" data-id=\"99b1be2\" data-element_type=\"widget\" data-widget_type=\"button.default\">\n\t\t\t\t<div class=\"elementor-widget-container\">\n\t\t\t\t\t\t\t\t\t<div class=\"elementor-button-wrapper\">\n\t\t\t\t\t<a class=\"elementor-button elementor-button-link elementor-size-lg\" href=\"https:\/\/www.salon-medecinedouce.com\/paris\/visiteur_invitation\/\" target=\"_blank\">\n\t\t\t\t\t\t<span class=\"elementor-button-content-wrapper\">\n\t\t\t\t\t\t<span class=\"elementor-button-icon\">\n\t\t\t\t<i aria-hidden=\"true\" class=\"fas fa-external-link-alt\"><\/i>\t\t\t<\/span>\n\t\t\t\t\t\t\t\t\t<span class=\"elementor-button-text\">Inscription en ligne<\/span>\n\t\t\t\t\t<\/span>\n\t\t\t\t\t<\/a>\n\t\t\t\t<\/div>\n\t\t\t\t\t\t\t\t<\/div>\n\t\t\t\t<\/div>\n\t\t\t\t\t<\/div>\n\t\t<\/div>\n\t\t\t\t\t<\/div>\n\t\t<\/section>\n\t\t\t\t<section class=\"elementor-section elementor-top-section elementor-element elementor-element-330bdda elementor-section-boxed elementor-section-height-default elementor-section-height-default exad-glass-effect-no exad-sticky-section-no\" data-id=\"330bdda\" data-element_type=\"section\" id=\"nevers\" data-settings=\"{&quot;background_background&quot;:&quot;classic&quot;}\">\n\t\t\t\t\t\t<div class=\"elementor-container elementor-column-gap-default\">\n\t\t\t\t\t<div class=\"elementor-column elementor-col-50 elementor-top-column elementor-element elementor-element-4c899c9 exad-glass-effect-no exad-sticky-section-no\" data-id=\"4c899c9\" data-element_type=\"column\" data-settings=\"{&quot;background_background&quot;:&quot;classic&quot;}\">\n\t\t\t<div class=\"elementor-widget-wrap elementor-element-populated\">\n\t\t\t\t\t\t<div class=\"elementor-element elementor-element-6457743 exad-sticky-section-no exad-glass-effect-no elementor-widget elementor-widget-heading\" data-id=\"6457743\" data-element_type=\"widget\" data-widget_type=\"heading.default\">\n\t\t\t\t<div class=\"elementor-widget-container\">\n\t\t\t\t\t<h3 class=\"elementor-heading-title elementor-size-default\">Samedi 4 f\u00e9vrier 2023 de 15h \u00e0 17h30 \u00e0 Nevers<br>\u00e9v\u00e8nement organis\u00e9 par la Fondation Beljanski<\/h3>\t\t\t\t<\/div>\n\t\t\t\t<\/div>\n\t\t\t\t<div class=\"elementor-element elementor-element-8aa8a74 elementor-widget-divider--view-line_icon elementor-view-default elementor-widget-divider--element-align-center exad-sticky-section-no exad-glass-effect-no elementor-widget elementor-widget-divider\" data-id=\"8aa8a74\" data-element_type=\"widget\" data-widget_type=\"divider.default\">\n\t\t\t\t<div class=\"elementor-widget-container\">\n\t\t\t\t\t\t\t<div class=\"elementor-divider\">\n\t\t\t<span class=\"elementor-divider-separator\">\n\t\t\t\t\t\t\t<div class=\"elementor-icon elementor-divider__element\">\n\t\t\t\t\t<i aria-hidden=\"true\" class=\"fas fa-chevron-down\"><\/i><\/div>\n\t\t\t\t\t\t<\/span>\n\t\t<\/div>\n\t\t\t\t\t\t<\/div>\n\t\t\t\t<\/div>\n\t\t\t\t<div class=\"elementor-element elementor-element-95d05be m_bottom_sm exad-sticky-section-no exad-glass-effect-no elementor-widget elementor-widget-text-editor\" data-id=\"95d05be\" data-element_type=\"widget\" data-widget_type=\"text-editor.default\">\n\t\t\t\t<div class=\"elementor-widget-container\">\n\t\t\t\t\t\t\t\t\t<p><strong>Titre de la conf\u00e9rence de Sylvie Beljanski :<\/strong><br \/>\u00ab Gagner la Lutte contre le Cancer : la D\u00e9couverte dont la R\u00e9publique n\u2019a pas Voulu \u00bb<\/p><p>La conf\u00e9rence sera suivie d\u2019une \u00ab pause gourmande \u00bb durant laquelle Sylvie Beljanski d\u00e9dicacera son livre qui sera en vente durant l\u2019\u00e9v\u00e8nement.<\/p><p><strong>Lieu :<\/strong><br \/>H\u00f4tel Kyriad Nevers Centre<br \/>Salle Saint Just<br \/>35 Bd Victor Hugo<br \/>58000 Nevers<\/p><p><strong>Programme:<\/strong><\/p><ul><li>15h \u00e0 15h30 : accueil des participants<\/li><li>15h30 \u00e0 17h : Conf\u00e9rence de Sylvie Beljanski suivie des questions\/r\u00e9ponses<\/li><li>17h \u00e0 17h30 : \u00ab pause gourmande \u00bb et s\u00e9ance de d\u00e9dicaces<\/li><\/ul><p><strong>Tarifs :<\/strong><\/p><ul><li>10 euros tarif normal<\/li><li>Deux entr\u00e9es gratuites pour les \u00ab Amis de la Fondation \u00bb<\/li><\/ul><p><strong>R\u00e9servation \u00e0 l\u2019avance obligatoire (le nombre de places \u00e9tant limit\u00e9).<\/strong><\/p><p><a href=\"https:\/\/crm.maisonbeljanski.com\/fr\/event\/gagner-la-lutte-contre-le-cancer-la-decouverte-dont-la-republique-na-pas-voulu-02-04-2023-15-00-europe-paris-314\/register\" target=\"_blank\" rel=\"noopener\">R\u00e9server en ligne.<\/a><\/p>\t\t\t\t\t\t\t\t<\/div>\n\t\t\t\t<\/div>\n\t\t\t\t\t<\/div>\n\t\t<\/div>\n\t\t\t\t<div class=\"elementor-column elementor-col-50 elementor-top-column elementor-element elementor-element-26bc00b exad-glass-effect-no exad-sticky-section-no\" data-id=\"26bc00b\" data-element_type=\"column\" data-settings=\"{&quot;background_background&quot;:&quot;classic&quot;}\">\n\t\t\t<div class=\"elementor-widget-wrap elementor-element-populated\">\n\t\t\t\t\t<div class=\"elementor-background-overlay\"><\/div>\n\t\t\t\t\t\t<div class=\"elementor-element elementor-element-cf7be7f exad-sticky-section-no exad-glass-effect-no elementor-widget elementor-widget-heading\" data-id=\"cf7be7f\" data-element_type=\"widget\" data-widget_type=\"heading.default\">\n\t\t\t\t<div class=\"elementor-widget-container\">\n\t\t\t\t\t<div class=\"elementor-heading-title elementor-size-default\">Samedi 4 f\u00e9vrier 2023 - 15h-17h30<\/div>\t\t\t\t<\/div>\n\t\t\t\t<\/div>\n\t\t\t\t<div class=\"elementor-element elementor-element-148e534 elementor-align-center exad-sticky-section-no exad-glass-effect-no elementor-widget elementor-widget-button\" data-id=\"148e534\" data-element_type=\"widget\" data-widget_type=\"button.default\">\n\t\t\t\t<div class=\"elementor-widget-container\">\n\t\t\t\t\t\t\t\t\t<div class=\"elementor-button-wrapper\">\n\t\t\t\t\t<a class=\"elementor-button elementor-button-link elementor-size-lg\" href=\"https:\/\/crm.maisonbeljanski.com\/fr\/event\/gagner-la-lutte-contre-le-cancer-la-decouverte-dont-la-republique-na-pas-voulu-02-04-2023-15-00-europe-paris-314\/register\" target=\"_blank\">\n\t\t\t\t\t\t<span class=\"elementor-button-content-wrapper\">\n\t\t\t\t\t\t<span class=\"elementor-button-icon\">\n\t\t\t\t<i aria-hidden=\"true\" class=\"fas fa-external-link-alt\"><\/i>\t\t\t<\/span>\n\t\t\t\t\t\t\t\t\t<span class=\"elementor-button-text\">Inscription en ligne<\/span>\n\t\t\t\t\t<\/span>\n\t\t\t\t\t<\/a>\n\t\t\t\t<\/div>\n\t\t\t\t\t\t\t\t<\/div>\n\t\t\t\t<\/div>\n\t\t\t\t\t<\/div>\n\t\t<\/div>\n\t\t\t\t\t<\/div>\n\t\t<\/section>\n\t\t\t\t<section class=\"elementor-section elementor-top-section elementor-element elementor-element-e75357b elementor-section-boxed elementor-section-height-default elementor-section-height-default exad-glass-effect-no exad-sticky-section-no\" data-id=\"e75357b\" data-element_type=\"section\" id=\"dijon\" data-settings=\"{&quot;background_background&quot;:&quot;classic&quot;}\">\n\t\t\t\t\t\t<div class=\"elementor-container elementor-column-gap-default\">\n\t\t\t\t\t<div class=\"elementor-column elementor-col-50 elementor-top-column elementor-element elementor-element-c02d2e9 exad-glass-effect-no exad-sticky-section-no\" data-id=\"c02d2e9\" data-element_type=\"column\" data-settings=\"{&quot;background_background&quot;:&quot;classic&quot;}\">\n\t\t\t<div class=\"elementor-widget-wrap elementor-element-populated\">\n\t\t\t\t\t\t<div class=\"elementor-element elementor-element-efeb46d exad-sticky-section-no exad-glass-effect-no elementor-widget elementor-widget-heading\" data-id=\"efeb46d\" data-element_type=\"widget\" data-widget_type=\"heading.default\">\n\t\t\t\t<div class=\"elementor-widget-container\">\n\t\t\t\t\t<h3 class=\"elementor-heading-title elementor-size-default\">Mardi 7 f\u00e9vrier 2023 de 19h30 \u00e0 21h30 \u00e0 Dijon<br> L\u2019Observatoire du R\u00e9el<\/h3>\t\t\t\t<\/div>\n\t\t\t\t<\/div>\n\t\t\t\t<div class=\"elementor-element elementor-element-d4e2a3f elementor-widget-divider--view-line_icon elementor-view-default elementor-widget-divider--element-align-center exad-sticky-section-no exad-glass-effect-no elementor-widget elementor-widget-divider\" data-id=\"d4e2a3f\" data-element_type=\"widget\" data-widget_type=\"divider.default\">\n\t\t\t\t<div class=\"elementor-widget-container\">\n\t\t\t\t\t\t\t<div class=\"elementor-divider\">\n\t\t\t<span class=\"elementor-divider-separator\">\n\t\t\t\t\t\t\t<div class=\"elementor-icon elementor-divider__element\">\n\t\t\t\t\t<i aria-hidden=\"true\" class=\"fas fa-chevron-down\"><\/i><\/div>\n\t\t\t\t\t\t<\/span>\n\t\t<\/div>\n\t\t\t\t\t\t<\/div>\n\t\t\t\t<\/div>\n\t\t\t\t<div class=\"elementor-element elementor-element-3524872 m_bottom_sm exad-sticky-section-no exad-glass-effect-no elementor-widget elementor-widget-text-editor\" data-id=\"3524872\" data-element_type=\"widget\" data-widget_type=\"text-editor.default\">\n\t\t\t\t<div class=\"elementor-widget-container\">\n\t\t\t\t\t\t\t\t\t<p><strong>Titre de la conf\u00e9rence de Sylvie Beljanski :<\/strong><br \/>\u00ab Gagner la Lutte contre le Cancer : la D\u00e9couverte dont la R\u00e9publique n\u2019a pas Voulu \u00bb<\/p><p>\u00c0 la fin de sa conf\u00e9rence, Sylvie Beljanski d\u00e9dicacera son livre qui sera en vente durant l\u2019\u00e9v\u00e8nement.<\/p><p><strong>Date et horaires :<\/strong><br \/>Mardi 7 f\u00e9vrier 2023 &#8211; 19h30-21h30<\/p><p><strong>Lieu :<\/strong><br \/>Cin\u00e9ma Darcy<br \/>8, place Darcy<br \/>21000 Dijon<\/p><p><strong>Tarifs :<\/strong><br \/>12 euros<\/p><p>Pour plus d\u2019information sur l\u2019\u00e9v\u00e8nement et r\u00e9server votre place, <a href=\"https:\/\/www.observatoire-reel.com\/7-fevrier-2023-a-Dijon-Gagner-la-lutte-contre-le-cancer-la-decouverte-dont-la-Republique-n-a-pas-voulu--conference-avec_a391.html\" target=\"_blank\" rel=\"noopener\">cliquez ici.<\/a><\/p>\t\t\t\t\t\t\t\t<\/div>\n\t\t\t\t<\/div>\n\t\t\t\t\t<\/div>\n\t\t<\/div>\n\t\t\t\t<div class=\"elementor-column elementor-col-50 elementor-top-column elementor-element elementor-element-96306ba exad-glass-effect-no exad-sticky-section-no\" data-id=\"96306ba\" data-element_type=\"column\" data-settings=\"{&quot;background_background&quot;:&quot;classic&quot;}\">\n\t\t\t<div class=\"elementor-widget-wrap elementor-element-populated\">\n\t\t\t\t\t<div class=\"elementor-background-overlay\"><\/div>\n\t\t\t\t\t\t<div class=\"elementor-element elementor-element-703218e exad-sticky-section-no exad-glass-effect-no elementor-widget elementor-widget-heading\" data-id=\"703218e\" data-element_type=\"widget\" data-widget_type=\"heading.default\">\n\t\t\t\t<div class=\"elementor-widget-container\">\n\t\t\t\t\t<div class=\"elementor-heading-title elementor-size-default\">Mardi 7 f\u00e9vrier 2023 - 19h30-21h30<\/div>\t\t\t\t<\/div>\n\t\t\t\t<\/div>\n\t\t\t\t<div class=\"elementor-element elementor-element-9014826 elementor-align-center exad-sticky-section-no exad-glass-effect-no elementor-widget elementor-widget-button\" data-id=\"9014826\" data-element_type=\"widget\" data-widget_type=\"button.default\">\n\t\t\t\t<div class=\"elementor-widget-container\">\n\t\t\t\t\t\t\t\t\t<div class=\"elementor-button-wrapper\">\n\t\t\t\t\t<a class=\"elementor-button elementor-button-link elementor-size-lg\" href=\"https:\/\/www.billetweb.fr\/beljanski-la-decouverte-dont-la-republique-na-pas-voulu\" target=\"_blank\">\n\t\t\t\t\t\t<span class=\"elementor-button-content-wrapper\">\n\t\t\t\t\t\t<span class=\"elementor-button-icon\">\n\t\t\t\t<i aria-hidden=\"true\" class=\"fas fa-external-link-alt\"><\/i>\t\t\t<\/span>\n\t\t\t\t\t\t\t\t\t<span class=\"elementor-button-text\">Inscription en ligne<\/span>\n\t\t\t\t\t<\/span>\n\t\t\t\t\t<\/a>\n\t\t\t\t<\/div>\n\t\t\t\t\t\t\t\t<\/div>\n\t\t\t\t<\/div>\n\t\t\t\t\t<\/div>\n\t\t<\/div>\n\t\t\t\t\t<\/div>\n\t\t<\/section>\n\t\t\t\t<section class=\"elementor-section elementor-top-section elementor-element elementor-element-ed68eec elementor-section-boxed elementor-section-height-default elementor-section-height-default exad-glass-effect-no exad-sticky-section-no\" data-id=\"ed68eec\" data-element_type=\"section\" id=\"martigny\" data-settings=\"{&quot;background_background&quot;:&quot;classic&quot;}\">\n\t\t\t\t\t\t<div class=\"elementor-container elementor-column-gap-default\">\n\t\t\t\t\t<div class=\"elementor-column elementor-col-50 elementor-top-column elementor-element elementor-element-5667f4e exad-glass-effect-no exad-sticky-section-no\" data-id=\"5667f4e\" data-element_type=\"column\" data-settings=\"{&quot;background_background&quot;:&quot;classic&quot;}\">\n\t\t\t<div class=\"elementor-widget-wrap elementor-element-populated\">\n\t\t\t\t\t\t<div class=\"elementor-element elementor-element-35bc311 exad-sticky-section-no exad-glass-effect-no elementor-widget elementor-widget-heading\" data-id=\"35bc311\" data-element_type=\"widget\" data-widget_type=\"heading.default\">\n\t\t\t\t<div class=\"elementor-widget-container\">\n\t\t\t\t\t<h3 class=\"elementor-heading-title elementor-size-default\">Les 11 et 12 f\u00e9vrier 2023 \u00e0 Martigny en Suisse<br> Salon Sant\u00e9 Bien-\u00catre 2023<\/h3>\t\t\t\t<\/div>\n\t\t\t\t<\/div>\n\t\t\t\t<div class=\"elementor-element elementor-element-6bb2ce1 elementor-widget-divider--view-line_icon elementor-view-default elementor-widget-divider--element-align-center exad-sticky-section-no exad-glass-effect-no elementor-widget elementor-widget-divider\" data-id=\"6bb2ce1\" data-element_type=\"widget\" data-widget_type=\"divider.default\">\n\t\t\t\t<div class=\"elementor-widget-container\">\n\t\t\t\t\t\t\t<div class=\"elementor-divider\">\n\t\t\t<span class=\"elementor-divider-separator\">\n\t\t\t\t\t\t\t<div class=\"elementor-icon elementor-divider__element\">\n\t\t\t\t\t<i aria-hidden=\"true\" class=\"fas fa-chevron-down\"><\/i><\/div>\n\t\t\t\t\t\t<\/span>\n\t\t<\/div>\n\t\t\t\t\t\t<\/div>\n\t\t\t\t<\/div>\n\t\t\t\t<div class=\"elementor-element elementor-element-b5f4c67 m_bottom_sm exad-sticky-section-no exad-glass-effect-no elementor-widget elementor-widget-text-editor\" data-id=\"b5f4c67\" data-element_type=\"widget\" data-widget_type=\"text-editor.default\">\n\t\t\t\t<div class=\"elementor-widget-container\">\n\t\t\t\t\t\t\t\t\t<p>Sylvie Beljanski donnera \u00e0 cette occasion deux conf\u00e9rences diff\u00e9rentes.<\/p><p>Vous aurez \u00e9galement l\u2019opportunit\u00e9 de la rencontrer sur le stand Maison Beljanski o\u00f9 elle d\u00e9dicacera son livre \u00ab\u00a0Gagner la Lutte contre le Cancer : la D\u00e9couverte dont la R\u00e9publique n\u2019a pas Voulu\u00a0\u00bb qui sera en vente sur l\u2019espace librairie du salon.<\/p><p><strong>Dates et Titres des conf\u00e9rences de Sylvie\u00a0Beljanski :<\/strong><\/p><p>&#8211; Le samedi 11 f\u00e9vrier 2023 \u00e0 16h : \u00ab Diagnostique Cancer : Au secours ! Que puis-je faire ? \u00bb<\/p><p>&#8211; Le dimanche 12 f\u00e9vrier 2023 \u00e0 14h30 : \u00ab Cancer : Je m\u2019en suis sorti(e), maintenant quoi ? \u00bb<\/p><p><strong>Lieu :<\/strong><br \/>Centre d\u2019Expositions CERM<br \/>Route du Levant 91<br \/>1920 Martigny &#8211; Suisse<\/p><p><strong>Horaires du salon :<\/strong><\/p><ul><li>Le vendredi 10 f\u00e9vrier 2023 de 15h \u00e0 20h<\/li><li>Le samedi 11 f\u00e9vrier 2023 de 10h \u00e0 19h<\/li><li>Le dimanche 12 f\u00e9vrier 2023 : 10h00 \u00e0 18h<\/li><\/ul><p><strong>Tarifs :<\/strong><\/p><ul><li>CHF 10 \/ jour<\/li><li>CHF 15 pour 2 jours<\/li><\/ul><p>Pour plus d\u2019information sur le salon et r\u00e9server votre place, <a href=\"https:\/\/www.salonsantebienetre.ch\/fr\/salon-sante-bien-etre\" target=\"_blank\" rel=\"noopener\">cliquez ici.<\/a><\/p>\t\t\t\t\t\t\t\t<\/div>\n\t\t\t\t<\/div>\n\t\t\t\t\t<\/div>\n\t\t<\/div>\n\t\t\t\t<div class=\"elementor-column elementor-col-50 elementor-top-column elementor-element elementor-element-b00371c exad-glass-effect-no exad-sticky-section-no\" data-id=\"b00371c\" data-element_type=\"column\" data-settings=\"{&quot;background_background&quot;:&quot;classic&quot;}\">\n\t\t\t<div class=\"elementor-widget-wrap elementor-element-populated\">\n\t\t\t\t\t<div class=\"elementor-background-overlay\"><\/div>\n\t\t\t\t\t\t<div class=\"elementor-element elementor-element-4658507 exad-sticky-section-no exad-glass-effect-no elementor-widget elementor-widget-heading\" data-id=\"4658507\" data-element_type=\"widget\" data-widget_type=\"heading.default\">\n\t\t\t\t<div class=\"elementor-widget-container\">\n\t\t\t\t\t<div class=\"elementor-heading-title elementor-size-default\">Samedi 11 f\u00e9vrier 2023 - \u00e0 16h<br>\nDimanche 12 f\u00e9vrier 2023 - \u00e0 14h30<\/div>\t\t\t\t<\/div>\n\t\t\t\t<\/div>\n\t\t\t\t<div class=\"elementor-element elementor-element-cff0939 elementor-align-center exad-sticky-section-no exad-glass-effect-no elementor-widget elementor-widget-button\" data-id=\"cff0939\" data-element_type=\"widget\" data-widget_type=\"button.default\">\n\t\t\t\t<div class=\"elementor-widget-container\">\n\t\t\t\t\t\t\t\t\t<div class=\"elementor-button-wrapper\">\n\t\t\t\t\t<a class=\"elementor-button elementor-button-link elementor-size-lg\" href=\"https:\/\/www.salonsantebienetre.ch\/fr\/salon-sante-bien-etre\" target=\"_blank\">\n\t\t\t\t\t\t<span class=\"elementor-button-content-wrapper\">\n\t\t\t\t\t\t<span class=\"elementor-button-icon\">\n\t\t\t\t<i aria-hidden=\"true\" class=\"fas fa-external-link-alt\"><\/i>\t\t\t<\/span>\n\t\t\t\t\t\t\t\t\t<span class=\"elementor-button-text\">En savoir plus<\/span>\n\t\t\t\t\t<\/span>\n\t\t\t\t\t<\/a>\n\t\t\t\t<\/div>\n\t\t\t\t\t\t\t\t<\/div>\n\t\t\t\t<\/div>\n\t\t\t\t\t<\/div>\n\t\t<\/div>\n\t\t\t\t\t<\/div>\n\t\t<\/section>\n\t\t\t\t<section class=\"elementor-section elementor-top-section elementor-element elementor-element-2f73f05 elementor-section-boxed elementor-section-height-default elementor-section-height-default exad-glass-effect-no exad-sticky-section-no\" data-id=\"2f73f05\" data-element_type=\"section\" data-settings=\"{&quot;background_background&quot;:&quot;classic&quot;}\">\n\t\t\t\t\t\t<div class=\"elementor-container elementor-column-gap-no\">\n\t\t\t\t\t<div class=\"elementor-column elementor-col-50 elementor-top-column elementor-element elementor-element-ef679f4 exad-glass-effect-no exad-sticky-section-no\" data-id=\"ef679f4\" data-element_type=\"column\" data-settings=\"{&quot;background_background&quot;:&quot;classic&quot;}\">\n\t\t\t<div class=\"elementor-widget-wrap elementor-element-populated\">\n\t\t\t\t\t\t<div class=\"elementor-element elementor-element-0389938 exad-sticky-section-no exad-glass-effect-no elementor-widget elementor-widget-spacer\" data-id=\"0389938\" data-element_type=\"widget\" data-widget_type=\"spacer.default\">\n\t\t\t\t<div class=\"elementor-widget-container\">\n\t\t\t\t\t\t\t<div class=\"elementor-spacer\">\n\t\t\t<div class=\"elementor-spacer-inner\"><\/div>\n\t\t<\/div>\n\t\t\t\t\t\t<\/div>\n\t\t\t\t<\/div>\n\t\t\t\t<section class=\"elementor-section elementor-inner-section elementor-element elementor-element-d7564e7 elementor-section-boxed elementor-section-height-default elementor-section-height-default exad-glass-effect-no exad-sticky-section-no\" data-id=\"d7564e7\" data-element_type=\"section\">\n\t\t\t\t\t\t<div class=\"elementor-container elementor-column-gap-default\">\n\t\t\t\t\t<div class=\"elementor-column elementor-col-100 elementor-inner-column elementor-element elementor-element-99aabc9 exad-glass-effect-no exad-sticky-section-no\" data-id=\"99aabc9\" data-element_type=\"column\">\n\t\t\t<div class=\"elementor-widget-wrap elementor-element-populated\">\n\t\t\t\t\t\t<div class=\"elementor-element elementor-element-11b650b exad-sticky-section-no exad-glass-effect-no elementor-widget elementor-widget-wgl-double-headings\" data-id=\"11b650b\" data-element_type=\"widget\" data-widget_type=\"wgl-double-headings.default\">\n\t\t\t\t<div class=\"elementor-widget-container\">\n\t\t\t\t\t<div class=\"wgl-double_heading acenter\">                <h3 class=\"dbl-title_wrapper\"><span class=\"dbl-title dbl-title_1\">Sylvie<\/span> <span class=\"dbl-title dbl-title_2\">Beljanski<\/span>                 <\/h3>        <\/div>\t\t\t\t<\/div>\n\t\t\t\t<\/div>\n\t\t\t\t<div class=\"elementor-element elementor-element-41d5679 elementor-position-left elementor-widget-icon-box wgl-icon-box elementor-view-default aleft exad-sticky-section-no exad-glass-effect-no elementor-widget elementor-widget-wgl-info-box\" data-id=\"41d5679\" data-element_type=\"widget\" data-widget_type=\"wgl-info-box.default\">\n\t\t\t\t<div class=\"elementor-widget-container\">\n\t\t\t\t\t<div class=\"wgl-infobox\"><div class=\"wgl-infobox_wrapper elementor-icon-box-wrapper\"><div class=\"wgl-infobox-icon_wrapper elementor-icon-box-icon\"><div class=\"wgl-infobox-icon_container\"><a class=\"wgl-icon elementor-icon elementor-animation-\" href=\"https:\/\/www.google.com\/maps?ll=40.756603,-73.966204&#038;z=12&#038;t=m&#038;hl=fr&#038;gl=US&#038;mapclient=embed&#038;q=317+E+53rd+St+New+York,+NY+10022+%C3%89tats-Unis\"><i class=\"icon flaticon-map\"><\/i><\/a><\/div><\/div><div class=\"wgl-infobox-content_wrapper elementor-icon-box-content\"><div class=\"wgl-infobox-title_wrapper\"><\/div><div class=\"wgl-infobox_content\"><p><span>317 East 53rd Street New York, NY 10022<\/span><\/p><\/div><\/div><a class=\"wgl-infobox_item_link\" href=\"https:\/\/www.google.com\/maps?ll=40.756603,-73.966204&#038;z=12&#038;t=m&#038;hl=fr&#038;gl=US&#038;mapclient=embed&#038;q=317+E+53rd+St+New+York,+NY+10022+%C3%89tats-Unis\"><\/a><\/div><\/div>\t\t\t\t<\/div>\n\t\t\t\t<\/div>\n\t\t\t\t<div class=\"elementor-element elementor-element-6bc07a7 elementor-position-left elementor-widget-icon-box wgl-icon-box elementor-view-default aleft exad-sticky-section-no exad-glass-effect-no elementor-widget elementor-widget-wgl-info-box\" data-id=\"6bc07a7\" data-element_type=\"widget\" data-widget_type=\"wgl-info-box.default\">\n\t\t\t\t<div class=\"elementor-widget-container\">\n\t\t\t\t\t<div class=\"wgl-infobox\"><div class=\"wgl-infobox_wrapper elementor-icon-box-wrapper\"><div class=\"wgl-infobox-icon_wrapper elementor-icon-box-icon\"><div class=\"wgl-infobox-icon_container\"><span class=\"wgl-icon elementor-icon elementor-animation-\" ><i class=\"icon flaticon-phone\"><\/i><\/span><\/div><\/div><div class=\"wgl-infobox-content_wrapper elementor-icon-box-content\"><div class=\"wgl-infobox-title_wrapper\"><\/div><div class=\"wgl-infobox_content\"><p><span>212-308-7066<\/span><\/p><\/div><\/div><a class=\"wgl-infobox_item_link\" href=\"#\"><\/a><\/div><\/div>\t\t\t\t<\/div>\n\t\t\t\t<\/div>\n\t\t\t\t<div class=\"elementor-element elementor-element-0020105 elementor-align-left exad-sticky-section-no exad-glass-effect-no elementor-widget elementor-widget-wgl-button\" data-id=\"0020105\" data-element_type=\"widget\" data-widget_type=\"wgl-button.default\">\n\t\t\t\t<div class=\"elementor-widget-container\">\n\t\t\t\t\t\t\t<div class=\"elementor-button-wrapper elementor-button-icon\">\n\t\t\t<a href=\"https:\/\/sylviebeljanski.com\/fr\/contact-avec-sylvie\/\" class=\"elementor-button-link wgl-button elementor-button elementor-size-lg elementor-animation-shrink\" role=\"button\">\t\t\t\t<div class=\"elementor-button-content-wrapper elementor-align-icon-\">\n\t\t\t\t\t\t\t\t\t\t<span class=\"elementor-button-text\">Contactez Sylvie<\/span>\n\t\t\t\t<\/div><\/a>\n\t\t<\/div>\n\t\t\t\t\t\t<\/div>\n\t\t\t\t<\/div>\n\t\t\t\t<div class=\"elementor-element elementor-element-0bf954c exad-sticky-section-no exad-glass-effect-no elementor-widget elementor-widget-spacer\" data-id=\"0bf954c\" data-element_type=\"widget\" data-widget_type=\"spacer.default\">\n\t\t\t\t<div class=\"elementor-widget-container\">\n\t\t\t\t\t\t\t<div class=\"elementor-spacer\">\n\t\t\t<div class=\"elementor-spacer-inner\"><\/div>\n\t\t<\/div>\n\t\t\t\t\t\t<\/div>\n\t\t\t\t<\/div>\n\t\t\t\t\t<\/div>\n\t\t<\/div>\n\t\t\t\t\t<\/div>\n\t\t<\/section>\n\t\t\t\t\t<\/div>\n\t\t<\/div>\n\t\t\t\t<div class=\"elementor-column elementor-col-50 elementor-top-column elementor-element elementor-element-63f9e6d exad-glass-effect-no exad-sticky-section-no\" data-id=\"63f9e6d\" data-element_type=\"column\">\n\t\t\t<div class=\"elementor-widget-wrap elementor-element-populated\">\n\t\t\t\t\t\t<div class=\"elementor-element elementor-element-4418545 exad-sticky-section-no exad-glass-effect-no elementor-widget elementor-widget-spacer\" data-id=\"4418545\" data-element_type=\"widget\" data-widget_type=\"spacer.default\">\n\t\t\t\t<div class=\"elementor-widget-container\">\n\t\t\t\t\t\t\t<div class=\"elementor-spacer\">\n\t\t\t<div class=\"elementor-spacer-inner\"><\/div>\n\t\t<\/div>\n\t\t\t\t\t\t<\/div>\n\t\t\t\t<\/div>\n\t\t\t\t<section class=\"elementor-section elementor-inner-section elementor-element elementor-element-1f24c47 elementor-section-boxed elementor-section-height-default elementor-section-height-default exad-glass-effect-no exad-sticky-section-no\" data-id=\"1f24c47\" data-element_type=\"section\">\n\t\t\t\t\t\t<div class=\"elementor-container elementor-column-gap-default\">\n\t\t\t\t\t<div class=\"elementor-column elementor-col-25 elementor-inner-column elementor-element elementor-element-65cb3e7 exad-glass-effect-no exad-sticky-section-no\" data-id=\"65cb3e7\" data-element_type=\"column\">\n\t\t\t<div class=\"elementor-widget-wrap elementor-element-populated\">\n\t\t\t\t\t\t<div class=\"elementor-element elementor-element-182a9ec acenter exad-sticky-section-no exad-glass-effect-no elementor-widget elementor-widget-wgl-info-box\" data-id=\"182a9ec\" data-element_type=\"widget\" data-widget_type=\"wgl-info-box.default\">\n\t\t\t\t<div class=\"elementor-widget-container\">\n\t\t\t\t\t<div class=\"wgl-infobox\"><div class=\"wgl-infobox_wrapper\"><div class=\"wgl-infobox-content_wrapper\"><div class=\"wgl-infobox-title_wrapper\"><h3 class=\"wgl-infobox_title\">La Fondation Beljanski<\/h3><\/div><\/div><a class=\"wgl-infobox_item_link\" href=\"https:\/\/www.beljanski.info\/\"><\/a><\/div><\/div>\t\t\t\t<\/div>\n\t\t\t\t<\/div>\n\t\t\t\t<div class=\"elementor-element elementor-element-57b1445 acenter exad-sticky-section-no exad-glass-effect-no elementor-widget elementor-widget-wgl-info-box\" data-id=\"57b1445\" data-element_type=\"widget\" data-widget_type=\"wgl-info-box.default\">\n\t\t\t\t<div class=\"elementor-widget-container\">\n\t\t\t\t\t<div class=\"wgl-infobox\"><div class=\"wgl-infobox_wrapper\"><div class=\"wgl-infobox-content_wrapper\"><div class=\"wgl-infobox-title_wrapper\"><h3 class=\"wgl-infobox_title\">Maison Beljanski<\/h3><\/div><\/div><a class=\"wgl-infobox_item_link\" href=\"https:\/\/www.maisonbeljanski.com\/fr\"><\/a><\/div><\/div>\t\t\t\t<\/div>\n\t\t\t\t<\/div>\n\t\t\t\t<div class=\"elementor-element elementor-element-57cc843 acenter exad-sticky-section-no exad-glass-effect-no elementor-widget elementor-widget-wgl-info-box\" data-id=\"57cc843\" data-element_type=\"widget\" data-widget_type=\"wgl-info-box.default\">\n\t\t\t\t<div class=\"elementor-widget-container\">\n\t\t\t\t\t<div class=\"wgl-infobox\"><div class=\"wgl-infobox_wrapper\"><div class=\"wgl-infobox-content_wrapper\"><div class=\"wgl-infobox-title_wrapper\"><h3 class=\"wgl-infobox_title\">Gagner la guerre contre le cancer<\/h3><\/div><\/div><a class=\"wgl-infobox_item_link\" href=\"https:\/\/gagnerlaluttecontrelecancer.com\/\"><\/a><\/div><\/div>\t\t\t\t<\/div>\n\t\t\t\t<\/div>\n\t\t\t\t<div class=\"elementor-element elementor-element-36ba606 acenter exad-sticky-section-no exad-glass-effect-no elementor-widget elementor-widget-wgl-info-box\" data-id=\"36ba606\" data-element_type=\"widget\" data-widget_type=\"wgl-info-box.default\">\n\t\t\t\t<div class=\"elementor-widget-container\">\n\t\t\t\t\t<div class=\"wgl-infobox\"><div class=\"wgl-infobox_wrapper\"><div class=\"wgl-infobox-content_wrapper\"><div class=\"wgl-infobox-title_wrapper\"><h3 class=\"wgl-infobox_title\">Les Jeudis de la Sant\u00e9<\/h3><\/div><\/div><a class=\"wgl-infobox_item_link\" href=\"https:\/\/www.beljanski.info\/evenements\/les-jeudis-de-la-sante\/\"><\/a><\/div><\/div>\t\t\t\t<\/div>\n\t\t\t\t<\/div>\n\t\t\t\t\t<\/div>\n\t\t<\/div>\n\t\t\t\t<div class=\"elementor-column elementor-col-25 elementor-inner-column elementor-element elementor-element-c3757b4 exad-glass-effect-no exad-sticky-section-no\" data-id=\"c3757b4\" data-element_type=\"column\">\n\t\t\t<div class=\"elementor-widget-wrap elementor-element-populated\">\n\t\t\t\t\t\t<div class=\"elementor-element elementor-element-a4f2bea acenter exad-sticky-section-no exad-glass-effect-no elementor-widget elementor-widget-wgl-info-box\" data-id=\"a4f2bea\" data-element_type=\"widget\" data-widget_type=\"wgl-info-box.default\">\n\t\t\t\t<div class=\"elementor-widget-container\">\n\t\t\t\t\t<div class=\"wgl-infobox\"><div class=\"wgl-infobox_wrapper\"><div class=\"wgl-infobox-content_wrapper\"><div class=\"wgl-infobox-title_wrapper\"><h3 class=\"wgl-infobox_title\">A propos de Sylvie<\/h3><\/div><\/div><a class=\"wgl-infobox_item_link\" href=\"https:\/\/sylviebeljanski.com\/fr\/a-propos-de-sylvie\/\"><\/a><\/div><\/div>\t\t\t\t<\/div>\n\t\t\t\t<\/div>\n\t\t\t\t<div class=\"elementor-element elementor-element-652ad20 acenter exad-sticky-section-no exad-glass-effect-no elementor-widget elementor-widget-wgl-info-box\" data-id=\"652ad20\" data-element_type=\"widget\" data-widget_type=\"wgl-info-box.default\">\n\t\t\t\t<div class=\"elementor-widget-container\">\n\t\t\t\t\t<div class=\"wgl-infobox\"><div class=\"wgl-infobox_wrapper\"><div class=\"wgl-infobox-content_wrapper\"><div class=\"wgl-infobox-title_wrapper\"><h3 class=\"wgl-infobox_title\">Sylvie comme conf\u00e9renci\u00e8re<\/h3><\/div><\/div><a class=\"wgl-infobox_item_link\" href=\"https:\/\/sylviebeljanski.com\/fr\/sylvie-conferenciere\/\"><\/a><\/div><\/div>\t\t\t\t<\/div>\n\t\t\t\t<\/div>\n\t\t\t\t<div class=\"elementor-element elementor-element-2fa9f9d acenter exad-sticky-section-no exad-glass-effect-no elementor-widget elementor-widget-wgl-info-box\" data-id=\"2fa9f9d\" data-element_type=\"widget\" data-widget_type=\"wgl-info-box.default\">\n\t\t\t\t<div class=\"elementor-widget-container\">\n\t\t\t\t\t<div class=\"wgl-infobox\"><div class=\"wgl-infobox_wrapper\"><div class=\"wgl-infobox-content_wrapper\"><div class=\"wgl-infobox-title_wrapper\"><h3 class=\"wgl-infobox_title\">Contact avec Sylvie<\/h3><\/div><\/div><a class=\"wgl-infobox_item_link\" href=\"https:\/\/sylviebeljanski.com\/fr\/contact-avec-sylvie\/\"><\/a><\/div><\/div>\t\t\t\t<\/div>\n\t\t\t\t<\/div>\n\t\t\t\t<div class=\"elementor-element elementor-element-278204d acenter exad-sticky-section-no exad-glass-effect-no elementor-widget elementor-widget-wgl-info-box\" data-id=\"278204d\" data-element_type=\"widget\" data-widget_type=\"wgl-info-box.default\">\n\t\t\t\t<div class=\"elementor-widget-container\">\n\t\t\t\t\t<div class=\"wgl-infobox\"><div class=\"wgl-infobox_wrapper\"><div class=\"wgl-infobox-content_wrapper\"><div class=\"wgl-infobox-title_wrapper\"><h3 class=\"wgl-infobox_title\">Politique de confidentialit\u00e9<\/h3><\/div><\/div><a class=\"wgl-infobox_item_link\" href=\"https:\/\/sylviebeljanski.com\/fr\/politique-de-confidentialite\/\"><\/a><\/div><\/div>\t\t\t\t<\/div>\n\t\t\t\t<\/div>\n\t\t\t\t\t<\/div>\n\t\t<\/div>\n\t\t\t\t<div class=\"elementor-column elementor-col-50 elementor-inner-column elementor-element elementor-element-74e740f exad-glass-effect-no exad-sticky-section-no\" data-id=\"74e740f\" data-element_type=\"column\">\n\t\t\t<div class=\"elementor-widget-wrap elementor-element-populated\">\n\t\t\t\t\t\t<div class=\"elementor-element elementor-element-cd21d53 exad-sticky-section-no exad-glass-effect-no elementor-widget elementor-widget-heading\" data-id=\"cd21d53\" data-element_type=\"widget\" data-widget_type=\"heading.default\">\n\t\t\t\t<div class=\"elementor-widget-container\">\n\t\t\t\t\t<h2 class=\"elementor-heading-title elementor-size-default\">Plan du site<\/h2>\t\t\t\t<\/div>\n\t\t\t\t<\/div>\n\t\t\t\t<div class=\"elementor-element elementor-element-6ef377a exad-sticky-section-no exad-glass-effect-no elementor-widget elementor-widget-google_maps\" data-id=\"6ef377a\" data-element_type=\"widget\" data-widget_type=\"google_maps.default\">\n\t\t\t\t<div class=\"elementor-widget-container\">\n\t\t\t\t\t\t\t<div class=\"elementor-custom-embed\">\n\t\t\t<iframe loading=\"lazy\"\n\t\t\t\t\tsrc=\"https:\/\/maps.google.com\/maps?q=317%20E%2053rd%20St%2C%20New%20York%2C%20NY%2010022%2C%20%C3%89tats-Unis&#038;t=m&#038;z=12&#038;output=embed&#038;iwloc=near\"\n\t\t\t\t\ttitle=\"317 E 53rd St, New York, NY 10022, \u00c9tats-Unis\"\n\t\t\t\t\taria-label=\"317 E 53rd St, New York, NY 10022, \u00c9tats-Unis\"\n\t\t\t><\/iframe>\n\t\t<\/div>\n\t\t\t\t\t\t<\/div>\n\t\t\t\t<\/div>\n\t\t\t\t\t<\/div>\n\t\t<\/div>\n\t\t\t\t\t<\/div>\n\t\t<\/section>\n\t\t\t\t<div class=\"elementor-element elementor-element-682e839 exad-sticky-section-no exad-glass-effect-no elementor-widget elementor-widget-spacer\" data-id=\"682e839\" data-element_type=\"widget\" data-widget_type=\"spacer.default\">\n\t\t\t\t<div class=\"elementor-widget-container\">\n\t\t\t\t\t\t\t<div class=\"elementor-spacer\">\n\t\t\t<div class=\"elementor-spacer-inner\"><\/div>\n\t\t<\/div>\n\t\t\t\t\t\t<\/div>\n\t\t\t\t<\/div>\n\t\t\t\t<div class=\"elementor-element elementor-element-1324fa2 elementor-hidden-desktop exad-sticky-section-no exad-glass-effect-no elementor-widget elementor-widget-text-editor\" data-id=\"1324fa2\" data-element_type=\"widget\" data-widget_type=\"text-editor.default\">\n\t\t\t\t<div class=\"elementor-widget-container\">\n\t\t\t\t\t\t\t\t\t<p>Copyright \u00a9 2020 Sylvie Beljanski par\u00a0<span><a href=\"#\">DS-DIGITAL<\/a><\/span>. Tous droits r\u00e9serv\u00e9s.<\/p>\t\t\t\t\t\t\t\t<\/div>\n\t\t\t\t<\/div>\n\t\t\t\t<div class=\"elementor-element elementor-element-b3d9e99 elementor-hidden-phone elementor-hidden-tablet exad-sticky-section-no exad-glass-effect-no elementor-widget elementor-widget-text-editor\" data-id=\"b3d9e99\" data-element_type=\"widget\" data-widget_type=\"text-editor.default\">\n\t\t\t\t<div class=\"elementor-widget-container\">\n\t\t\t\t\t\t\t\t\t<p>Copyright \u00a9 2020 Sylvie Beljanski par\u00a0<span><a href=\"https:\/\/www.ds-digital.us\/\">DS-DIGITAL<\/a><\/span>. Tous droits r\u00e9serv\u00e9s.<\/p>\t\t\t\t\t\t\t\t<\/div>\n\t\t\t\t<\/div>\n\t\t\t\t<div class=\"elementor-element elementor-element-a8d4241 exad-sticky-section-no exad-glass-effect-no elementor-widget elementor-widget-spacer\" data-id=\"a8d4241\" data-element_type=\"widget\" data-widget_type=\"spacer.default\">\n\t\t\t\t<div class=\"elementor-widget-container\">\n\t\t\t\t\t\t\t<div class=\"elementor-spacer\">\n\t\t\t<div class=\"elementor-spacer-inner\"><\/div>\n\t\t<\/div>\n\t\t\t\t\t\t<\/div>\n\t\t\t\t<\/div>\n\t\t\t\t\t<\/div>\n\t\t<\/div>\n\t\t\t\t\t<\/div>\n\t\t<\/section>\n\t\t\t\t<\/div>\n\t\t","protected":false},"excerpt":{"rendered":"<p>Le 2 f\u00e9vrier 2023 \u00e0 ParisSalon Bien-\u00catre &#8211; M\u00e9decine Douce Le 4 f\u00e9vrier 2023 \u00e0 NeversOrganis\u00e9 par la Fondation Beljanski Le 7 f\u00e9vrier 2023 \u00e0 DijonOrganis\u00e9 par l&#8217;Observatoire du R\u00e9el Les 11-12 f\u00e9vrier 2023 \u00e0 MartignySalon Sant\u00e9 &#8211; Bien-\u00catre\u00a0 Sylvie Beljanski, fondatrice de la Fondation Beljanski, sera de retour en France et en Suisse en [&hellip;]<\/p>\n","protected":false},"author":21,"featured_media":22373,"parent":0,"menu_order":0,"comment_status":"closed","ping_status":"closed","template":"","meta":{"footnotes":"","_links_to":"","_links_to_target":""},"class_list":["post-22363","page","type-page","status-publish","has-post-thumbnail","hentry"],"yoast_head":"<!-- This site is optimized with the Yoast SEO plugin v25.8 - https:\/\/yoast.com\/wordpress\/plugins\/seo\/ -->\n<title>Sylvie Beljanski en tourn\u00e9e en France et en Suisse - Sylvie Beljanski<\/title>\n<meta name=\"robots\" content=\"index, follow, max-snippet:-1, max-image-preview:large, max-video-preview:-1\" \/>\n<link rel=\"canonical\" href=\"https:\/\/sylviebeljanski.com\/fr\/sylvie-beljanski-en-tournee-en-france-et-en-suisse\/\" \/>\n<meta property=\"og:locale\" content=\"fr_FR\" \/>\n<meta property=\"og:type\" content=\"article\" \/>\n<meta property=\"og:title\" content=\"Sylvie Beljanski en tourn\u00e9e en France et en Suisse - Sylvie Beljanski\" \/>\n<meta property=\"og:description\" content=\"Le 2 f\u00e9vrier 2023 \u00e0 ParisSalon Bien-\u00catre &#8211; M\u00e9decine Douce Le 4 f\u00e9vrier 2023 \u00e0 NeversOrganis\u00e9 par la Fondation Beljanski Le 7 f\u00e9vrier 2023 \u00e0 DijonOrganis\u00e9 par l&#8217;Observatoire du R\u00e9el Les 11-12 f\u00e9vrier 2023 \u00e0 MartignySalon Sant\u00e9 &#8211; Bien-\u00catre\u00a0 Sylvie Beljanski, fondatrice de la Fondation Beljanski, sera de retour en France et en Suisse en [&hellip;]\" \/>\n<meta property=\"og:url\" content=\"https:\/\/sylviebeljanski.com\/fr\/sylvie-beljanski-en-tournee-en-france-et-en-suisse\/\" \/>\n<meta property=\"og:site_name\" content=\"Sylvie Beljanski\" \/>\n<meta property=\"article:publisher\" content=\"https:\/\/www.facebook.com\/beljanski.sylvie\" \/>\n<meta property=\"article:modified_time\" content=\"2022-12-20T14:44:45+00:00\" \/>\n<meta property=\"og:image\" content=\"https:\/\/sylviebeljanski.com\/wp-content\/uploads\/2022\/12\/sylvie-beljanski-en-tournee-banner.jpg\" \/>\n\t<meta property=\"og:image:width\" content=\"1903\" \/>\n\t<meta property=\"og:image:height\" content=\"360\" \/>\n\t<meta property=\"og:image:type\" content=\"image\/jpeg\" \/>\n<meta name=\"twitter:card\" content=\"summary_large_image\" \/>\n<meta name=\"twitter:label1\" content=\"Dur\u00e9e de lecture estim\u00e9e\" \/>\n\t<meta name=\"twitter:data1\" content=\"5 minutes\" \/>\n<script type=\"application\/ld+json\" class=\"yoast-schema-graph\">{\"@context\":\"https:\/\/schema.org\",\"@graph\":[{\"@type\":\"WebPage\",\"@id\":\"https:\/\/sylviebeljanski.com\/fr\/sylvie-beljanski-en-tournee-en-france-et-en-suisse\/\",\"url\":\"https:\/\/sylviebeljanski.com\/fr\/sylvie-beljanski-en-tournee-en-france-et-en-suisse\/\",\"name\":\"Sylvie Beljanski en tourn\u00e9e en France et en Suisse - Sylvie Beljanski\",\"isPartOf\":{\"@id\":\"https:\/\/sylviebeljanski.com\/#website\"},\"primaryImageOfPage\":{\"@id\":\"https:\/\/sylviebeljanski.com\/fr\/sylvie-beljanski-en-tournee-en-france-et-en-suisse\/#primaryimage\"},\"image\":{\"@id\":\"https:\/\/sylviebeljanski.com\/fr\/sylvie-beljanski-en-tournee-en-france-et-en-suisse\/#primaryimage\"},\"thumbnailUrl\":\"https:\/\/sylviebeljanski.com\/wp-content\/uploads\/2022\/12\/sylvie-beljanski-en-tournee-banner.jpg\",\"datePublished\":\"2022-12-14T09:11:49+00:00\",\"dateModified\":\"2022-12-20T14:44:45+00:00\",\"breadcrumb\":{\"@id\":\"https:\/\/sylviebeljanski.com\/fr\/sylvie-beljanski-en-tournee-en-france-et-en-suisse\/#breadcrumb\"},\"inLanguage\":\"fr-FR\",\"potentialAction\":[{\"@type\":\"ReadAction\",\"target\":[\"https:\/\/sylviebeljanski.com\/fr\/sylvie-beljanski-en-tournee-en-france-et-en-suisse\/\"]}]},{\"@type\":\"ImageObject\",\"inLanguage\":\"fr-FR\",\"@id\":\"https:\/\/sylviebeljanski.com\/fr\/sylvie-beljanski-en-tournee-en-france-et-en-suisse\/#primaryimage\",\"url\":\"https:\/\/sylviebeljanski.com\/wp-content\/uploads\/2022\/12\/sylvie-beljanski-en-tournee-banner.jpg\",\"contentUrl\":\"https:\/\/sylviebeljanski.com\/wp-content\/uploads\/2022\/12\/sylvie-beljanski-en-tournee-banner.jpg\",\"width\":1903,\"height\":360},{\"@type\":\"BreadcrumbList\",\"@id\":\"https:\/\/sylviebeljanski.com\/fr\/sylvie-beljanski-en-tournee-en-france-et-en-suisse\/#breadcrumb\",\"itemListElement\":[{\"@type\":\"ListItem\",\"position\":1,\"name\":\"Home\",\"item\":\"https:\/\/sylviebeljanski.com\/\"},{\"@type\":\"ListItem\",\"position\":2,\"name\":\"Sylvie Beljanski en tourn\u00e9e en France et en Suisse\"}]},{\"@type\":\"WebSite\",\"@id\":\"https:\/\/sylviebeljanski.com\/#website\",\"url\":\"https:\/\/sylviebeljanski.com\/\",\"name\":\"Sylvie Beljanski\",\"description\":\"\",\"publisher\":{\"@id\":\"https:\/\/sylviebeljanski.com\/#organization\"},\"potentialAction\":[{\"@type\":\"SearchAction\",\"target\":{\"@type\":\"EntryPoint\",\"urlTemplate\":\"https:\/\/sylviebeljanski.com\/?s={search_term_string}\"},\"query-input\":{\"@type\":\"PropertyValueSpecification\",\"valueRequired\":true,\"valueName\":\"search_term_string\"}}],\"inLanguage\":\"fr-FR\"},{\"@type\":\"Organization\",\"@id\":\"https:\/\/sylviebeljanski.com\/#organization\",\"name\":\"Sylvie Beljanski\",\"url\":\"https:\/\/sylviebeljanski.com\/\",\"logo\":{\"@type\":\"ImageObject\",\"inLanguage\":\"fr-FR\",\"@id\":\"https:\/\/sylviebeljanski.com\/#\/schema\/logo\/image\/\",\"url\":\"https:\/\/sylviebeljanski.com\/wp-content\/uploads\/2022\/09\/Sylvie-Beljanski-Headshot-500x500-1.png\",\"contentUrl\":\"https:\/\/sylviebeljanski.com\/wp-content\/uploads\/2022\/09\/Sylvie-Beljanski-Headshot-500x500-1.png\",\"width\":500,\"height\":500,\"caption\":\"Sylvie Beljanski\"},\"image\":{\"@id\":\"https:\/\/sylviebeljanski.com\/#\/schema\/logo\/image\/\"},\"sameAs\":[\"https:\/\/www.facebook.com\/beljanski.sylvie\",\"https:\/\/www.linkedin.com\/in\/sylviebeljanski\"]}]}<\/script>\n<!-- \/ Yoast SEO plugin. -->","yoast_head_json":{"title":"Sylvie Beljanski en tourn\u00e9e en France et en Suisse - Sylvie Beljanski","robots":{"index":"index","follow":"follow","max-snippet":"max-snippet:-1","max-image-preview":"max-image-preview:large","max-video-preview":"max-video-preview:-1"},"canonical":"https:\/\/sylviebeljanski.com\/fr\/sylvie-beljanski-en-tournee-en-france-et-en-suisse\/","og_locale":"fr_FR","og_type":"article","og_title":"Sylvie Beljanski en tourn\u00e9e en France et en Suisse - Sylvie Beljanski","og_description":"Le 2 f\u00e9vrier 2023 \u00e0 ParisSalon Bien-\u00catre &#8211; M\u00e9decine Douce Le 4 f\u00e9vrier 2023 \u00e0 NeversOrganis\u00e9 par la Fondation Beljanski Le 7 f\u00e9vrier 2023 \u00e0 DijonOrganis\u00e9 par l&#8217;Observatoire du R\u00e9el Les 11-12 f\u00e9vrier 2023 \u00e0 MartignySalon Sant\u00e9 &#8211; Bien-\u00catre\u00a0 Sylvie Beljanski, fondatrice de la Fondation Beljanski, sera de retour en France et en Suisse en [&hellip;]","og_url":"https:\/\/sylviebeljanski.com\/fr\/sylvie-beljanski-en-tournee-en-france-et-en-suisse\/","og_site_name":"Sylvie Beljanski","article_publisher":"https:\/\/www.facebook.com\/beljanski.sylvie","article_modified_time":"2022-12-20T14:44:45+00:00","og_image":[{"width":1903,"height":360,"url":"https:\/\/sylviebeljanski.com\/wp-content\/uploads\/2022\/12\/sylvie-beljanski-en-tournee-banner.jpg","type":"image\/jpeg"}],"twitter_card":"summary_large_image","twitter_misc":{"Dur\u00e9e de lecture estim\u00e9e":"5 minutes"},"schema":{"@context":"https:\/\/schema.org","@graph":[{"@type":"WebPage","@id":"https:\/\/sylviebeljanski.com\/fr\/sylvie-beljanski-en-tournee-en-france-et-en-suisse\/","url":"https:\/\/sylviebeljanski.com\/fr\/sylvie-beljanski-en-tournee-en-france-et-en-suisse\/","name":"Sylvie Beljanski en tourn\u00e9e en France et en Suisse - Sylvie Beljanski","isPartOf":{"@id":"https:\/\/sylviebeljanski.com\/#website"},"primaryImageOfPage":{"@id":"https:\/\/sylviebeljanski.com\/fr\/sylvie-beljanski-en-tournee-en-france-et-en-suisse\/#primaryimage"},"image":{"@id":"https:\/\/sylviebeljanski.com\/fr\/sylvie-beljanski-en-tournee-en-france-et-en-suisse\/#primaryimage"},"thumbnailUrl":"https:\/\/sylviebeljanski.com\/wp-content\/uploads\/2022\/12\/sylvie-beljanski-en-tournee-banner.jpg","datePublished":"2022-12-14T09:11:49+00:00","dateModified":"2022-12-20T14:44:45+00:00","breadcrumb":{"@id":"https:\/\/sylviebeljanski.com\/fr\/sylvie-beljanski-en-tournee-en-france-et-en-suisse\/#breadcrumb"},"inLanguage":"fr-FR","potentialAction":[{"@type":"ReadAction","target":["https:\/\/sylviebeljanski.com\/fr\/sylvie-beljanski-en-tournee-en-france-et-en-suisse\/"]}]},{"@type":"ImageObject","inLanguage":"fr-FR","@id":"https:\/\/sylviebeljanski.com\/fr\/sylvie-beljanski-en-tournee-en-france-et-en-suisse\/#primaryimage","url":"https:\/\/sylviebeljanski.com\/wp-content\/uploads\/2022\/12\/sylvie-beljanski-en-tournee-banner.jpg","contentUrl":"https:\/\/sylviebeljanski.com\/wp-content\/uploads\/2022\/12\/sylvie-beljanski-en-tournee-banner.jpg","width":1903,"height":360},{"@type":"BreadcrumbList","@id":"https:\/\/sylviebeljanski.com\/fr\/sylvie-beljanski-en-tournee-en-france-et-en-suisse\/#breadcrumb","itemListElement":[{"@type":"ListItem","position":1,"name":"Home","item":"https:\/\/sylviebeljanski.com\/"},{"@type":"ListItem","position":2,"name":"Sylvie Beljanski en tourn\u00e9e en France et en Suisse"}]},{"@type":"WebSite","@id":"https:\/\/sylviebeljanski.com\/#website","url":"https:\/\/sylviebeljanski.com\/","name":"Sylvie Beljanski","description":"","publisher":{"@id":"https:\/\/sylviebeljanski.com\/#organization"},"potentialAction":[{"@type":"SearchAction","target":{"@type":"EntryPoint","urlTemplate":"https:\/\/sylviebeljanski.com\/?s={search_term_string}"},"query-input":{"@type":"PropertyValueSpecification","valueRequired":true,"valueName":"search_term_string"}}],"inLanguage":"fr-FR"},{"@type":"Organization","@id":"https:\/\/sylviebeljanski.com\/#organization","name":"Sylvie Beljanski","url":"https:\/\/sylviebeljanski.com\/","logo":{"@type":"ImageObject","inLanguage":"fr-FR","@id":"https:\/\/sylviebeljanski.com\/#\/schema\/logo\/image\/","url":"https:\/\/sylviebeljanski.com\/wp-content\/uploads\/2022\/09\/Sylvie-Beljanski-Headshot-500x500-1.png","contentUrl":"https:\/\/sylviebeljanski.com\/wp-content\/uploads\/2022\/09\/Sylvie-Beljanski-Headshot-500x500-1.png","width":500,"height":500,"caption":"Sylvie Beljanski"},"image":{"@id":"https:\/\/sylviebeljanski.com\/#\/schema\/logo\/image\/"},"sameAs":["https:\/\/www.facebook.com\/beljanski.sylvie","https:\/\/www.linkedin.com\/in\/sylviebeljanski"]}]}},"_links":{"self":[{"href":"https:\/\/sylviebeljanski.com\/fr\/wp-json\/wp\/v2\/pages\/22363","targetHints":{"allow":["GET"]}}],"collection":[{"href":"https:\/\/sylviebeljanski.com\/fr\/wp-json\/wp\/v2\/pages"}],"about":[{"href":"https:\/\/sylviebeljanski.com\/fr\/wp-json\/wp\/v2\/types\/page"}],"author":[{"embeddable":true,"href":"https:\/\/sylviebeljanski.com\/fr\/wp-json\/wp\/v2\/users\/21"}],"replies":[{"embeddable":true,"href":"https:\/\/sylviebeljanski.com\/fr\/wp-json\/wp\/v2\/comments?post=22363"}],"version-history":[{"count":0,"href":"https:\/\/sylviebeljanski.com\/fr\/wp-json\/wp\/v2\/pages\/22363\/revisions"}],"wp:featuredmedia":[{"embeddable":true,"href":"https:\/\/sylviebeljanski.com\/fr\/wp-json\/wp\/v2\/media\/22373"}],"wp:attachment":[{"href":"https:\/\/sylviebeljanski.com\/fr\/wp-json\/wp\/v2\/media?parent=22363"}],"curies":[{"name":"wp","href":"https:\/\/api.w.org\/{rel}","templated":true}]}}